{"id":2575,"date":"2025-10-15T14:53:43","date_gmt":"2025-10-15T12:53:43","guid":{"rendered":"https:\/\/agrogargallo.com\/?post_type=product&#038;p=2575"},"modified":"2025-10-15T14:53:43","modified_gmt":"2025-10-15T12:53:43","slug":"semillas-de-perejil-comun-wam","status":"publish","type":"product","link":"https:\/\/agrogargallo.com\/gl\/producto\/semillas-de-perejil-comun-wam","title":{"rendered":"SEMILLAS DE PEREJIL COM\u00daN de hoja lisa WAM"},"content":{"rendered":"<p data-start=\"347\" data-end=\"757\">Las <strong data-start=\"351\" data-end=\"378\">semillas de perejil WAM<\/strong> son la elecci\u00f3n perfecta para quienes buscan cultivar <strong data-start=\"433\" data-end=\"480\">perejil fresco, arom\u00e1tico y de alta calidad<\/strong> en su propio huerto, jard\u00edn o maceta. Esta variedad, conocida como <strong data-start=\"548\" data-end=\"580\">Perejil Com\u00fan de Hoja Lisa 2<\/strong>, destaca por su <strong data-start=\"597\" data-end=\"614\">aroma intenso<\/strong>, su <strong data-start=\"619\" data-end=\"641\">r\u00e1pido crecimiento<\/strong> y sus <strong data-start=\"648\" data-end=\"674\">hojas grandes y planas<\/strong>, ideales tanto para el consumo dom\u00e9stico como para la producci\u00f3n a peque\u00f1a escala.<\/p>\n<p data-start=\"759\" data-end=\"1069\">El perejil (Petroselinum crispum) es una <strong data-start=\"800\" data-end=\"817\">planta bienal<\/strong> muy apreciada por su <strong data-start=\"839\" data-end=\"865\">versatilidad culinaria<\/strong> y sus <strong data-start=\"872\" data-end=\"914\">propiedades beneficiosas para la salud<\/strong>. Con estas <strong data-start=\"926\" data-end=\"953\">semillas de perejil WAM<\/strong>, obtendr\u00e1s una planta resistente, productiva y f\u00e1cil de mantener, perfecta para climas templados y suelos f\u00e9rtiles.<\/p>\n<p data-start=\"759\" data-end=\"1069\">\n<h3 data-start=\"1076\" data-end=\"1114\">\ud83c\udf31 <strong data-start=\"1083\" data-end=\"1114\">Caracter\u00edsticas principales de las semillas de perejil com\u00fan de WAM:<\/strong><\/h3>\n<ul data-start=\"1115\" data-end=\"1673\">\n<li data-start=\"1115\" data-end=\"1164\">\n<p data-start=\"1117\" data-end=\"1164\">\ud83c\udf3e <strong data-start=\"1120\" data-end=\"1133\">Variedad:<\/strong> Perejil com\u00fan de hoja lisa 2<\/p>\n<\/li>\n<li data-start=\"1165\" data-end=\"1187\">\n<p data-start=\"1167\" data-end=\"1187\">\ud83c\udff7\ufe0f <strong data-start=\"1171\" data-end=\"1181\">Marca:<\/strong> WAM<\/p>\n<\/li>\n<li data-start=\"1188\" data-end=\"1235\">\n<p data-start=\"1190\" data-end=\"1235\">\ud83c\udf3f <strong data-start=\"1193\" data-end=\"1202\">Tipo:<\/strong> Planta bienal de cultivo anual<\/p>\n<\/li>\n<li data-start=\"1236\" data-end=\"1303\">\n<p data-start=\"1238\" data-end=\"1303\">\ud83d\udce6 <strong data-start=\"1241\" data-end=\"1253\">Formato:<\/strong> Sobre de semillas seleccionadas de alta calidad<\/p>\n<\/li>\n<li data-start=\"1304\" data-end=\"1390\">\n<p data-start=\"1306\" data-end=\"1390\">\ud83c\udf24\ufe0f <strong data-start=\"1310\" data-end=\"1331\">\u00c9poca de siembra:<\/strong> De <strong data-start=\"1335\" data-end=\"1354\">febrero a junio<\/strong>, en exterior o interior protegido<\/p>\n<\/li>\n<li data-start=\"1391\" data-end=\"1456\">\n<p data-start=\"1393\" data-end=\"1456\">\ud83c\udf3c <strong data-start=\"1396\" data-end=\"1408\">Cosecha:<\/strong> A partir de <strong data-start=\"1421\" data-end=\"1432\">3 meses<\/strong> despu\u00e9s de la siembra<\/p>\n<\/li>\n<li data-start=\"1457\" data-end=\"1495\">\n<p data-start=\"1459\" data-end=\"1495\">\ud83d\udccf <strong data-start=\"1462\" data-end=\"1484\">Altura aproximada:<\/strong> 25\u201330 cm<\/p>\n<\/li>\n<li data-start=\"1496\" data-end=\"1562\">\n<p data-start=\"1498\" data-end=\"1562\">\ud83d\udca7 <strong data-start=\"1501\" data-end=\"1511\">Riego:<\/strong> Moderado y constante, evitando el encharcamiento<\/p>\n<\/li>\n<li data-start=\"1563\" data-end=\"1608\">\n<p data-start=\"1565\" data-end=\"1608\">\ud83c\udf1e <strong data-start=\"1568\" data-end=\"1583\">Exposici\u00f3n:<\/strong> Pleno sol o semisombra<\/p>\n<\/li>\n<li data-start=\"1609\" data-end=\"1673\">\n<p data-start=\"1611\" data-end=\"1673\">\ud83e\uddc5 <strong data-start=\"1614\" data-end=\"1625\">Suelos:<\/strong> F\u00e9rtiles, bien drenados y ligeramente h\u00famedos<\/p>\n<\/li>\n<\/ul>\n<p>&nbsp;<\/p>\n<h3 data-start=\"1680\" data-end=\"1727\">\ud83c\udf3e <strong data-start=\"1687\" data-end=\"1727\">Ventajas del cultivo del perejil WAM<\/strong><\/h3>\n<ul data-start=\"1728\" data-end=\"2277\">\n<li data-start=\"1728\" data-end=\"1824\">\n<p data-start=\"1730\" data-end=\"1824\">\ud83c\udf3f <strong data-start=\"1733\" data-end=\"1767\">Germinaci\u00f3n r\u00e1pida y homog\u00e9nea<\/strong> gracias a la alta pureza y viabilidad de las semillas.<\/p>\n<\/li>\n<li data-start=\"1825\" data-end=\"1910\">\n<p data-start=\"1827\" data-end=\"1910\">\ud83c\udf31 <strong data-start=\"1830\" data-end=\"1865\">Crecimiento vigoroso y uniforme<\/strong>, con hojas anchas, de color verde intenso.<\/p>\n<\/li>\n<li data-start=\"1911\" data-end=\"2005\">\n<p data-start=\"1913\" data-end=\"2005\">\ud83c\udf7d\ufe0f <strong data-start=\"1917\" data-end=\"1943\">Aroma y sabor intensos<\/strong>, perfectos para aderezar carnes, pescados, salsas y guisos.<\/p>\n<\/li>\n<li data-start=\"2006\" data-end=\"2106\">\n<p data-start=\"2008\" data-end=\"2106\">\ud83e\ude7a <strong data-start=\"2011\" data-end=\"2038\">Propiedades nutritivas:<\/strong> rico en <strong data-start=\"2047\" data-end=\"2093\">vitamina C, hierro, calcio y antioxidantes<\/strong> naturales.<\/p>\n<\/li>\n<li data-start=\"2107\" data-end=\"2193\">\n<p data-start=\"2109\" data-end=\"2193\">\ud83d\udcaa <strong data-start=\"2112\" data-end=\"2135\">Resistencia natural<\/strong> frente a cambios clim\u00e1ticos moderados y plagas comunes.<\/p>\n<\/li>\n<li data-start=\"2194\" data-end=\"2277\">\n<p data-start=\"2196\" data-end=\"2277\">\ud83d\udd04 <strong data-start=\"2199\" data-end=\"2226\">Rendimiento prolongado:<\/strong> permite varios cortes durante toda la temporada.<\/p>\n<\/li>\n<\/ul>\n<p>&nbsp;<\/p>\n<h3 data-start=\"2284\" data-end=\"2331\">\ud83c\udf3c <strong data-start=\"2291\" data-end=\"2331\">C\u00f3mo sembrar las semillas de perejil<\/strong><\/h3>\n<ol data-start=\"2332\" data-end=\"2819\">\n<li data-start=\"2332\" data-end=\"2427\">\n<p data-start=\"2335\" data-end=\"2427\"><strong data-start=\"2335\" data-end=\"2359\">Preparar el terreno:<\/strong> airear la tierra, eliminar malas hierbas y humedecer ligeramente.<\/p>\n<\/li>\n<li data-start=\"2428\" data-end=\"2532\">\n<p data-start=\"2431\" data-end=\"2532\"><strong data-start=\"2431\" data-end=\"2466\">Siembra directa o en semillero:<\/strong> distribuir las semillas a una profundidad de unos <strong data-start=\"2517\" data-end=\"2529\">0,5\u20131 cm<\/strong>.<\/p>\n<\/li>\n<li data-start=\"2533\" data-end=\"2597\">\n<p data-start=\"2536\" data-end=\"2597\"><strong data-start=\"2536\" data-end=\"2573\">Temperatura ideal de germinaci\u00f3n:<\/strong> entre <strong data-start=\"2580\" data-end=\"2594\">15 y 20 \u00b0C<\/strong>.<\/p>\n<\/li>\n<li data-start=\"2598\" data-end=\"2694\">\n<p data-start=\"2601\" data-end=\"2694\"><strong data-start=\"2601\" data-end=\"2611\">Riego:<\/strong> mantener el sustrato h\u00famedo hasta que aparezcan los primeros brotes (7\u201315 d\u00edas).<\/p>\n<\/li>\n<li data-start=\"2695\" data-end=\"2819\">\n<p data-start=\"2698\" data-end=\"2819\"><strong data-start=\"2698\" data-end=\"2724\">Trasplante (opcional):<\/strong> cuando las plantas alcancen unos 10 cm, se pueden trasplantar al huerto o maceta definitiva.<\/p>\n<\/li>\n<\/ol>\n<p>&nbsp;<\/p>\n<h3 data-start=\"2826\" data-end=\"2853\">\ud83e\uddfa <strong data-start=\"2833\" data-end=\"2853\">Usos del perejil<\/strong><\/h3>\n<ul data-start=\"2854\" data-end=\"3145\">\n<li data-start=\"2854\" data-end=\"2954\">\n<p data-start=\"2856\" data-end=\"2954\">\ud83c\udf72 <strong data-start=\"2859\" data-end=\"2870\">Cocina:<\/strong> imprescindible en recetas mediterr\u00e1neas, sopas, ensaladas, salsas y guarniciones.<\/p>\n<\/li>\n<li data-start=\"2955\" data-end=\"3050\">\n<p data-start=\"2957\" data-end=\"3050\">\ud83c\udf3f <strong data-start=\"2960\" data-end=\"2985\">Decoraci\u00f3n culinaria:<\/strong> su hoja lisa y brillante realza la presentaci\u00f3n de los platos.<\/p>\n<\/li>\n<li data-start=\"3051\" data-end=\"3145\">\n<p data-start=\"3053\" data-end=\"3145\">\ud83d\udc8a <strong data-start=\"3056\" data-end=\"3086\">Uso medicinal tradicional:<\/strong> digestivo, depurativo y rico en antioxidantes naturales.<\/p>\n<\/li>\n<\/ul>\n<p>&nbsp;<\/p>\n<h3 data-start=\"3152\" data-end=\"3191\">\ud83d\udce6 <strong data-start=\"3159\" data-end=\"3191\">Conservaci\u00f3n de las semillas<\/strong><\/h3>\n<p data-start=\"3192\" data-end=\"3398\">Guardar en un lugar <strong data-start=\"3212\" data-end=\"3250\">fresco, seco y protegido de la luz<\/strong>.<br data-start=\"3251\" data-end=\"3254\" \/>Las semillas de WAM son <strong data-start=\"3278\" data-end=\"3330\">seleccionadas y envasadas con control de calidad<\/strong>, garantizando una <strong data-start=\"3349\" data-end=\"3371\">germinaci\u00f3n \u00f3ptima<\/strong> y una <strong data-start=\"3378\" data-end=\"3397\">larga vida \u00fatil<\/strong>.<\/p>\n<p data-start=\"3192\" data-end=\"3398\">\n<h3 data-start=\"3405\" data-end=\"3426\">\ud83c\udf31 <strong data-start=\"3412\" data-end=\"3426\">Conclusi\u00f3n<\/strong><\/h3>\n<p data-start=\"3427\" data-end=\"3750\">Las <strong data-start=\"3431\" data-end=\"3458\">semillas de perejil WAM<\/strong> son una opci\u00f3n excelente tanto para aficionados como para horticultores experimentados que buscan un <strong data-start=\"3560\" data-end=\"3602\">cultivo f\u00e1cil, productivo y de calidad<\/strong>.<br data-start=\"3603\" data-end=\"3606\" \/>Con una simple siembra podr\u00e1s disfrutar de <strong data-start=\"3649\" data-end=\"3687\">perejil fresco durante todo el a\u00f1o<\/strong>, aportando sabor, color y vitalidad a tu cocina y a tu huerto.<\/p>\n","protected":false},"excerpt":{"rendered":"<p>Semillas de perejil WAM \u2014 Semillas de perejil de hoja lisa, alta germinaci\u00f3n y sabor intenso. \ud83c\udf3f Ideal para huerto y maceta: crecimiento vigoroso, hojas grandes y m\u00faltiples cortes durante la temporada. F\u00e1cil siembra y riego moderado \u2014 perfecto para cocinar y preservar fresco todo el a\u00f1o. \ud83c\udf7d\ufe0f<\/p>\n","protected":false},"featured_media":2576,"template":"","meta":{"_acf_changed":false,"_joinchat":[]},"product_brand":[],"product_cat":[26,334,81,112],"product_tag":[],"class_list":{"0":"post-2575","1":"product","2":"type-product","3":"status-publish","4":"has-post-thumbnail","6":"product_cat-agrogargallo","7":"product_cat-semillas-de-aromaticas","8":"product_cat-campo-y-huerto","9":"product_cat-semillas","11":"first","12":"instock","13":"taxable","14":"shipping-taxable","15":"purchasable","16":"product-type-simple"},"acf":[],"_links":{"self":[{"href":"https:\/\/agrogargallo.com\/gl\/wp-json\/wp\/v2\/product\/2575","targetHints":{"allow":["GET"]}}],"collection":[{"href":"https:\/\/agrogargallo.com\/gl\/wp-json\/wp\/v2\/product"}],"about":[{"href":"https:\/\/agrogargallo.com\/gl\/wp-json\/wp\/v2\/types\/product"}],"wp:featuredmedia":[{"embeddable":true,"href":"https:\/\/agrogargallo.com\/gl\/wp-json\/wp\/v2\/media\/2576"}],"wp:attachment":[{"href":"https:\/\/agrogargallo.com\/gl\/wp-json\/wp\/v2\/media?parent=2575"}],"wp:term":[{"taxonomy":"product_brand","embeddable":true,"href":"https:\/\/agrogargallo.com\/gl\/wp-json\/wp\/v2\/product_brand?post=2575"},{"taxonomy":"product_cat","embeddable":true,"href":"https:\/\/agrogargallo.com\/gl\/wp-json\/wp\/v2\/product_cat?post=2575"},{"taxonomy":"product_tag","embeddable":true,"href":"https:\/\/agrogargallo.com\/gl\/wp-json\/wp\/v2\/product_tag?post=2575"}],"curies":[{"name":"wp","href":"https:\/\/api.w.org\/{rel}","templated":true}]}}